{"version":"1.0","provider_name":"THWS | Fakult\u00e4t Gestaltung W\u00fcrzburg","provider_url":"https:\/\/fg.thws.de\/en\/","title":"Stefan Bausewein - THWS | Fakult\u00e4t Gestaltung W\u00fcrzburg","type":"rich","width":600,"height":338,"html":"<blockquote class=\"wp-embedded-content\" data-secret=\"zc0caPBNdQ\"><a href=\"https:\/\/fg.thws.de\/en\/personen\/stefan-bausewein\/\">Stefan Bausewein<\/a><\/blockquote><iframe sandbox=\"allow-scripts\" security=\"restricted\" src=\"https:\/\/fg.thws.de\/en\/personen\/stefan-bausewein\/embed\/#?secret=zc0caPBNdQ\" width=\"600\" height=\"338\" title=\"&#8220;Stefan Bausewein&#8221; &#8212; THWS | Fakult\u00e4t Gestaltung W\u00fcrzburg\" data-secret=\"zc0caPBNdQ\" frameborder=\"0\" marginwidth=\"0\" marginheight=\"0\" scrolling=\"no\" class=\"wp-embedded-content\"><\/iframe><script>\n\/*! This file is auto-generated *\/\n!function(d,l){\"use strict\";l.querySelector&&d.addEventListener&&\"undefined\"!=typeof URL&&(d.wp=d.wp||{},d.wp.receiveEmbedMessage||(d.wp.receiveEmbedMessage=function(e){var t=e.data;if((t||t.secret||t.message||t.value)&&!\/[^a-zA-Z0-9]\/.test(t.secret)){for(var s,r,n,a=l.querySelectorAll('iframe[data-secret=\"'+t.secret+'\"]'),o=l.querySelectorAll('blockquote[data-secret=\"'+t.secret+'\"]'),c=new RegExp(\"^https?:$\",\"i\"),i=0;i<o.length;i++)o[i].style.display=\"none\";for(i=0;i<a.length;i++)s=a[i],e.source===s.contentWindow&&(s.removeAttribute(\"style\"),\"height\"===t.message?(1e3<(r=parseInt(t.value,10))?r=1e3:~~r<200&&(r=200),s.height=r):\"link\"===t.message&&(r=new URL(s.getAttribute(\"src\")),n=new URL(t.value),c.test(n.protocol))&&n.host===r.host&&l.activeElement===s&&(d.top.location.href=t.value))}},d.addEventListener(\"message\",d.wp.receiveEmbedMessage,!1),l.addEventListener(\"DOMContentLoaded\",function(){for(var e,t,s=l.querySelectorAll(\"iframe.wp-embedded-content\"),r=0;r<s.length;r++)(t=(e=s[r]).getAttribute(\"data-secret\"))||(t=Math.random().toString(36).substring(2,12),e.src+=\"#?secret=\"+t,e.setAttribute(\"data-secret\",t)),e.contentWindow.postMessage({message:\"ready\",secret:t},\"*\")},!1)))}(window,document);\n<\/script>\n","thumbnail_url":"https:\/\/fg.thws.de\/wp-content\/uploads\/2017\/12\/stefan_bausewein_foto_web.jpg","thumbnail_width":900,"thumbnail_height":900,"description":"Nach einer Ausbildung zum Fotografen (2008), Fotoassistenzen und anschlie\u00dfendem Kommunikationsdesignstudium (2012) st\u00fcrzte er sich Hals \u00fcber Kopf in die Selbst\u00e4ndigkeit und arbeitet seitdem in verschiedensten Bereichen f\u00fcr Unternehmen und K\u00fcnstler. Die unterschiedlichen Genres Portr\u00e4t, Musik, Transportation und Reportagen spiegeln die Vielseitigkeit des Fotografen wider. Hauptsache echt, nah dran und mitten drinnen! Seit dem Wintersemester 2017\/2018 [&hellip;]"}